{"id":61,"date":"2023-09-05T12:32:00","date_gmt":"2023-09-05T12:32:00","guid":{"rendered":"https:\/\/talleresmelcar.com\/?page_id=61"},"modified":"2023-11-10T13:10:28","modified_gmt":"2023-11-10T13:10:28","slug":"mantenimiento-del-automovil-en-lardero","status":"publish","type":"page","link":"https:\/\/talleresmelcar.com\/index.php\/mantenimiento-del-automovil-en-lardero\/","title":{"rendered":"Mantenimiento del Autom\u00f3vil"},"content":{"rendered":"\n<figure class=\"wp-block-image size-full\"><img loading=\"lazy\" decoding=\"async\" width=\"1000\" height=\"578\" src=\"https:\/\/talleresmelcar.com\/wp-content\/uploads\/2023\/09\/mantenimiento-1.jpg\" alt=\"Mec\u00e1nico cambiando la rueda de un coche\" class=\"wp-image-63\" srcset=\"https:\/\/talleresmelcar.com\/wp-content\/uploads\/2023\/09\/mantenimiento-1.jpg 1000w, https:\/\/talleresmelcar.com\/wp-content\/uploads\/2023\/09\/mantenimiento-1-300x173.jpg 300w, https:\/\/talleresmelcar.com\/wp-content\/uploads\/2023\/09\/mantenimiento-1-768x444.jpg 768w\" sizes=\"auto, (max-width: 767px) 89vw, (max-width: 1000px) 54vw, (max-width: 1071px) 543px, 580px\" \/><\/figure>\n\n\n\n<div style=\"height:40px\" aria-hidden=\"true\" class=\"wp-block-spacer\"><\/div>\n\n\n\n<div class=\"wp-block-columns is-layout-flex wp-container-core-columns-is-layout-1 wp-block-columns-is-layout-flex\">\n<div class=\"wp-block-column is-layout-flow wp-block-column-is-layout-flow\">\n<p>Un correcto mantenimiento de tu veh\u00edculo es un factor esencial tanto para tu seguridad como para la de tu familia. Cualquier elemento es susceptible de rotura por rozamiento, vibraciones, degradaci\u00f3n o movimiento, y otros por el desgaste por uso, como sucede con neum\u00e1ticos, discos y pastillas de aceite, filtros, buj\u00edas, frenos, embrague, amortiguadores y correas. Ofrecemos el\u00a0 mejor mantenimiento del Autom\u00f3vil en Lardero<\/p>\n<\/div>\n\n\n\n<div class=\"wp-block-column is-layout-flow wp-block-column-is-layout-flow\">\n<p>En Talleres Melcar 8A nos encargaremos de hacer las revisiones pertinentes para que sea cu\u00e1l sea el tipo de motor que utilices est\u00e9 siempre en perfectas condiciones.<\/p>\n<p>Nuestros profesionales realizar\u00e1n comprobaciones exhaustivas para asegurarse de un correcto funcionamiento de tu turismo.<\/p>\n<\/div>\n<\/div>\n\n\n\n<figure class=\"imagenmargen wp-block-image size-large is-style-default\"><img decoding=\"async\" src=\"https:\/\/talleresmelcar.com\/wp-content\/uploads\/2023\/09\/38.png\" alt=\"Cambio de aceite del motor\" class=\"imagenfull wp-image-53\"\/><\/figure>\n\n\n\n<div style=\"height:45px\" aria-hidden=\"true\" class=\"wp-block-spacer\"><\/div>\n\n\n<p>Revisiones completas con:<\/p>\n<p><strong>\u2022 Cambio de aceite<\/strong><br \/><strong>\u2022 Cambio o rotaci\u00f3n de neum\u00e1ticos<\/strong><br \/><strong>\u2022 L\u00edquido refrigerante<\/strong><br \/><strong>\u2022 Revisi\u00f3n de presi\u00f3n en neum\u00e1ticos<\/strong><br \/><strong>\u2022 Revisi\u00f3n de alumbrado<\/strong><br \/><strong>\u2022 Revisi\u00f3n de frenos<\/strong><br \/><strong>\u2022 Revisi\u00f3n de niveles<\/strong><br \/><strong>\u2022 Revisi\u00f3n de sistemas y asistentes a la conducci\u00f3n<\/strong><br \/><strong>\u2022 Revisiones Pre \u2013 ITV<\/strong><\/p>\n\n\n<div style=\"height:45px\" aria-hidden=\"true\" class=\"wp-block-spacer\"><\/div>\n\n\n\n<figure class=\"wp-block-image size-full\"><img loading=\"lazy\" decoding=\"async\" width=\"1000\" height=\"666\" src=\"https:\/\/talleresmelcar.com\/wp-content\/uploads\/2023\/09\/mantenimiento3.jpg\" alt=\"Mec\u00e1nico revisa errores de centralita  del coche. Mantenimiento del Autom\u00f3vil en Lardero\" class=\"wp-image-65\" srcset=\"https:\/\/talleresmelcar.com\/wp-content\/uploads\/2023\/09\/mantenimiento3.jpg 1000w, https:\/\/talleresmelcar.com\/wp-content\/uploads\/2023\/09\/mantenimiento3-300x200.jpg 300w, https:\/\/talleresmelcar.com\/wp-content\/uploads\/2023\/09\/mantenimiento3-768x511.jpg 768w\" sizes=\"auto, (max-width: 767px) 89vw, (max-width: 1000px) 54vw, (max-width: 1071px) 543px, 580px\" \/><\/figure>\n\n\n\n<div style=\"height:45px\" aria-hidden=\"true\" class=\"wp-block-spacer\"><\/div>\n\n\n<p>Tambi\u00e9n realizamos mantenimientos profesionales de flotas, con el cuidado, la dedicaci\u00f3n y la urgencia que merecen los veh\u00edculos que son herramientas de trabajo, para que los profesionales solo tengan que dedicarse a hacer crecer sus negocios.<\/p>\n<p><strong>\u2022 Mantenimiento de flotas<\/strong><br \/><strong>\u2022 Veh\u00edculos profesionales<\/strong><br \/><strong>\u2022 Aut\u00f3nomos y pymes<\/strong><br \/><strong>\u2022 Alta disponibilidad<\/strong><br \/><strong>\u2022 Servicio urgente<\/strong><\/p>\n<p>Somos el mejor taller para el mantenimiento del autom\u00f3vil en Lardero\u00a0<\/p>","protected":false},"excerpt":{"rendered":"<p>Un correcto mantenimiento de tu veh\u00edculo es un factor esencial tanto para tu seguridad como para la de tu familia. Cualquier elemento es susceptible de rotura por rozamiento, vibraciones, degradaci\u00f3n o movimiento, y otros por el desgaste por uso, como sucede con neum\u00e1ticos, discos y pastillas de aceite, filtros, buj\u00edas, frenos, embrague, amortiguadores y correas. &hellip; <\/p>\n<p class=\"link-more\"><a href=\"https:\/\/talleresmelcar.com\/index.php\/mantenimiento-del-automovil-en-lardero\/\" class=\"more-link\">Continuar leyendo<span class=\"screen-reader-text\"> \u00abMantenimiento del Autom\u00f3vil\u00bb<\/span><\/a><\/p>\n","protected":false},"author":1,"featured_media":0,"parent":0,"menu_order":0,"comment_status":"closed","ping_status":"closed","template":"","meta":{"footnotes":""},"class_list":["post-61","page","type-page","status-publish","hentry"],"yoast_head":"<!-- This site is optimized with the Yoast SEO plugin v24.2 - https:\/\/yoast.com\/wordpress\/plugins\/seo\/ -->\n<title>Mantenimiento del Autom\u00f3vil en Lardero | Talleres Melcar<\/title>\n<meta name=\"description\" content=\"Mantenimiento del Autom\u00f3vil en Lardero. En Talleres Melcar 8A nos encargaremos de hacer las revisiones pertinentes.\" \/>\n<meta name=\"robots\" content=\"index, follow, max-snippet:-1, max-image-preview:large, max-video-preview:-1\" \/>\n<link rel=\"canonical\" href=\"https:\/\/talleresmelcar.com\/index.php\/mantenimiento-del-automovil-en-lardero\/\" \/>\n<meta property=\"og:locale\" content=\"es_ES\" \/>\n<meta property=\"og:type\" content=\"article\" \/>\n<meta property=\"og:title\" content=\"Mantenimiento del Autom\u00f3vil en Lardero | Talleres Melcar\" \/>\n<meta property=\"og:description\" content=\"Mantenimiento del Autom\u00f3vil en Lardero. En Talleres Melcar 8A nos encargaremos de hacer las revisiones pertinentes.\" \/>\n<meta property=\"og:url\" content=\"https:\/\/talleresmelcar.com\/index.php\/mantenimiento-del-automovil-en-lardero\/\" \/>\n<meta property=\"og:site_name\" content=\"Talleres Melcar\" \/>\n<meta property=\"article:modified_time\" content=\"2023-11-10T13:10:28+00:00\" \/>\n<meta property=\"og:image\" content=\"https:\/\/talleresmelcar.com\/wp-content\/uploads\/2023\/09\/mantenimiento-1.jpg\" \/>\n<meta name=\"twitter:card\" content=\"summary_large_image\" \/>\n<meta name=\"twitter:label1\" content=\"Tiempo de lectura\" \/>\n\t<meta name=\"twitter:data1\" content=\"2 minutos\" \/>\n<script type=\"application\/ld+json\" class=\"yoast-schema-graph\">{\"@context\":\"https:\/\/schema.org\",\"@graph\":[{\"@type\":\"WebPage\",\"@id\":\"https:\/\/talleresmelcar.com\/index.php\/mantenimiento-del-automovil-en-lardero\/\",\"url\":\"https:\/\/talleresmelcar.com\/index.php\/mantenimiento-del-automovil-en-lardero\/\",\"name\":\"Mantenimiento del Autom\u00f3vil en Lardero | Talleres Melcar\",\"isPartOf\":{\"@id\":\"https:\/\/talleresmelcar.com\/#website\"},\"primaryImageOfPage\":{\"@id\":\"https:\/\/talleresmelcar.com\/index.php\/mantenimiento-del-automovil-en-lardero\/#primaryimage\"},\"image\":{\"@id\":\"https:\/\/talleresmelcar.com\/index.php\/mantenimiento-del-automovil-en-lardero\/#primaryimage\"},\"thumbnailUrl\":\"https:\/\/talleresmelcar.com\/wp-content\/uploads\/2023\/09\/mantenimiento-1.jpg\",\"datePublished\":\"2023-09-05T12:32:00+00:00\",\"dateModified\":\"2023-11-10T13:10:28+00:00\",\"description\":\"Mantenimiento del Autom\u00f3vil en Lardero. En Talleres Melcar 8A nos encargaremos de hacer las revisiones pertinentes.\",\"breadcrumb\":{\"@id\":\"https:\/\/talleresmelcar.com\/index.php\/mantenimiento-del-automovil-en-lardero\/#breadcrumb\"},\"inLanguage\":\"es\",\"potentialAction\":[{\"@type\":\"ReadAction\",\"target\":[\"https:\/\/talleresmelcar.com\/index.php\/mantenimiento-del-automovil-en-lardero\/\"]}]},{\"@type\":\"ImageObject\",\"inLanguage\":\"es\",\"@id\":\"https:\/\/talleresmelcar.com\/index.php\/mantenimiento-del-automovil-en-lardero\/#primaryimage\",\"url\":\"https:\/\/talleresmelcar.com\/wp-content\/uploads\/2023\/09\/mantenimiento-1.jpg\",\"contentUrl\":\"https:\/\/talleresmelcar.com\/wp-content\/uploads\/2023\/09\/mantenimiento-1.jpg\",\"width\":1000,\"height\":578},{\"@type\":\"BreadcrumbList\",\"@id\":\"https:\/\/talleresmelcar.com\/index.php\/mantenimiento-del-automovil-en-lardero\/#breadcrumb\",\"itemListElement\":[{\"@type\":\"ListItem\",\"position\":1,\"name\":\"Portada\",\"item\":\"https:\/\/talleresmelcar.com\/\"},{\"@type\":\"ListItem\",\"position\":2,\"name\":\"Mantenimiento del Autom\u00f3vil\"}]},{\"@type\":\"WebSite\",\"@id\":\"https:\/\/talleresmelcar.com\/#website\",\"url\":\"https:\/\/talleresmelcar.com\/\",\"name\":\"Talleres Melcar\",\"description\":\"\",\"publisher\":{\"@id\":\"https:\/\/talleresmelcar.com\/#organization\"},\"potentialAction\":[{\"@type\":\"SearchAction\",\"target\":{\"@type\":\"EntryPoint\",\"urlTemplate\":\"https:\/\/talleresmelcar.com\/?s={search_term_string}\"},\"query-input\":{\"@type\":\"PropertyValueSpecification\",\"valueRequired\":true,\"valueName\":\"search_term_string\"}}],\"inLanguage\":\"es\"},{\"@type\":\"Organization\",\"@id\":\"https:\/\/talleresmelcar.com\/#organization\",\"name\":\"Talleres Melcar\",\"url\":\"https:\/\/talleresmelcar.com\/\",\"logo\":{\"@type\":\"ImageObject\",\"inLanguage\":\"es\",\"@id\":\"https:\/\/talleresmelcar.com\/#\/schema\/logo\/image\/\",\"url\":\"https:\/\/talleresmelcar.com\/wp-content\/uploads\/2023\/09\/cropped-logo.png\",\"contentUrl\":\"https:\/\/talleresmelcar.com\/wp-content\/uploads\/2023\/09\/cropped-logo.png\",\"width\":618,\"height\":250,\"caption\":\"Talleres Melcar\"},\"image\":{\"@id\":\"https:\/\/talleresmelcar.com\/#\/schema\/logo\/image\/\"}}]}<\/script>\n<!-- \/ Yoast SEO plugin. -->","yoast_head_json":{"title":"Mantenimiento del Autom\u00f3vil en Lardero | Talleres Melcar","description":"Mantenimiento del Autom\u00f3vil en Lardero. En Talleres Melcar 8A nos encargaremos de hacer las revisiones pertinentes.","robots":{"index":"index","follow":"follow","max-snippet":"max-snippet:-1","max-image-preview":"max-image-preview:large","max-video-preview":"max-video-preview:-1"},"canonical":"https:\/\/talleresmelcar.com\/index.php\/mantenimiento-del-automovil-en-lardero\/","og_locale":"es_ES","og_type":"article","og_title":"Mantenimiento del Autom\u00f3vil en Lardero | Talleres Melcar","og_description":"Mantenimiento del Autom\u00f3vil en Lardero. En Talleres Melcar 8A nos encargaremos de hacer las revisiones pertinentes.","og_url":"https:\/\/talleresmelcar.com\/index.php\/mantenimiento-del-automovil-en-lardero\/","og_site_name":"Talleres Melcar","article_modified_time":"2023-11-10T13:10:28+00:00","og_image":[{"url":"https:\/\/talleresmelcar.com\/wp-content\/uploads\/2023\/09\/mantenimiento-1.jpg","type":"","width":"","height":""}],"twitter_card":"summary_large_image","twitter_misc":{"Tiempo de lectura":"2 minutos"},"schema":{"@context":"https:\/\/schema.org","@graph":[{"@type":"WebPage","@id":"https:\/\/talleresmelcar.com\/index.php\/mantenimiento-del-automovil-en-lardero\/","url":"https:\/\/talleresmelcar.com\/index.php\/mantenimiento-del-automovil-en-lardero\/","name":"Mantenimiento del Autom\u00f3vil en Lardero | Talleres Melcar","isPartOf":{"@id":"https:\/\/talleresmelcar.com\/#website"},"primaryImageOfPage":{"@id":"https:\/\/talleresmelcar.com\/index.php\/mantenimiento-del-automovil-en-lardero\/#primaryimage"},"image":{"@id":"https:\/\/talleresmelcar.com\/index.php\/mantenimiento-del-automovil-en-lardero\/#primaryimage"},"thumbnailUrl":"https:\/\/talleresmelcar.com\/wp-content\/uploads\/2023\/09\/mantenimiento-1.jpg","datePublished":"2023-09-05T12:32:00+00:00","dateModified":"2023-11-10T13:10:28+00:00","description":"Mantenimiento del Autom\u00f3vil en Lardero. En Talleres Melcar 8A nos encargaremos de hacer las revisiones pertinentes.","breadcrumb":{"@id":"https:\/\/talleresmelcar.com\/index.php\/mantenimiento-del-automovil-en-lardero\/#breadcrumb"},"inLanguage":"es","potentialAction":[{"@type":"ReadAction","target":["https:\/\/talleresmelcar.com\/index.php\/mantenimiento-del-automovil-en-lardero\/"]}]},{"@type":"ImageObject","inLanguage":"es","@id":"https:\/\/talleresmelcar.com\/index.php\/mantenimiento-del-automovil-en-lardero\/#primaryimage","url":"https:\/\/talleresmelcar.com\/wp-content\/uploads\/2023\/09\/mantenimiento-1.jpg","contentUrl":"https:\/\/talleresmelcar.com\/wp-content\/uploads\/2023\/09\/mantenimiento-1.jpg","width":1000,"height":578},{"@type":"BreadcrumbList","@id":"https:\/\/talleresmelcar.com\/index.php\/mantenimiento-del-automovil-en-lardero\/#breadcrumb","itemListElement":[{"@type":"ListItem","position":1,"name":"Portada","item":"https:\/\/talleresmelcar.com\/"},{"@type":"ListItem","position":2,"name":"Mantenimiento del Autom\u00f3vil"}]},{"@type":"WebSite","@id":"https:\/\/talleresmelcar.com\/#website","url":"https:\/\/talleresmelcar.com\/","name":"Talleres Melcar","description":"","publisher":{"@id":"https:\/\/talleresmelcar.com\/#organization"},"potentialAction":[{"@type":"SearchAction","target":{"@type":"EntryPoint","urlTemplate":"https:\/\/talleresmelcar.com\/?s={search_term_string}"},"query-input":{"@type":"PropertyValueSpecification","valueRequired":true,"valueName":"search_term_string"}}],"inLanguage":"es"},{"@type":"Organization","@id":"https:\/\/talleresmelcar.com\/#organization","name":"Talleres Melcar","url":"https:\/\/talleresmelcar.com\/","logo":{"@type":"ImageObject","inLanguage":"es","@id":"https:\/\/talleresmelcar.com\/#\/schema\/logo\/image\/","url":"https:\/\/talleresmelcar.com\/wp-content\/uploads\/2023\/09\/cropped-logo.png","contentUrl":"https:\/\/talleresmelcar.com\/wp-content\/uploads\/2023\/09\/cropped-logo.png","width":618,"height":250,"caption":"Talleres Melcar"},"image":{"@id":"https:\/\/talleresmelcar.com\/#\/schema\/logo\/image\/"}}]}},"_links":{"self":[{"href":"https:\/\/talleresmelcar.com\/index.php\/wp-json\/wp\/v2\/pages\/61","targetHints":{"allow":["GET"]}}],"collection":[{"href":"https:\/\/talleresmelcar.com\/index.php\/wp-json\/wp\/v2\/pages"}],"about":[{"href":"https:\/\/talleresmelcar.com\/index.php\/wp-json\/wp\/v2\/types\/page"}],"author":[{"embeddable":true,"href":"https:\/\/talleresmelcar.com\/index.php\/wp-json\/wp\/v2\/users\/1"}],"replies":[{"embeddable":true,"href":"https:\/\/talleresmelcar.com\/index.php\/wp-json\/wp\/v2\/comments?post=61"}],"version-history":[{"count":10,"href":"https:\/\/talleresmelcar.com\/index.php\/wp-json\/wp\/v2\/pages\/61\/revisions"}],"predecessor-version":[{"id":276,"href":"https:\/\/talleresmelcar.com\/index.php\/wp-json\/wp\/v2\/pages\/61\/revisions\/276"}],"wp:attachment":[{"href":"https:\/\/talleresmelcar.com\/index.php\/wp-json\/wp\/v2\/media?parent=61"}],"curies":[{"name":"wp","href":"https:\/\/api.w.org\/{rel}","templated":true}]}}