{"id":97,"date":"2023-09-06T11:10:18","date_gmt":"2023-09-06T11:10:18","guid":{"rendered":"https:\/\/talleresmelcar.com\/?page_id=97"},"modified":"2023-11-17T10:32:50","modified_gmt":"2023-11-17T10:32:50","slug":"accesibilidad-2","status":"publish","type":"page","link":"https:\/\/talleresmelcar.com\/index.php\/accesibilidad-2\/","title":{"rendered":"Accesibilidad"},"content":{"rendered":"<p>Declaraci\u00f3n de accesibilidad talleresmelcar.com a hacer accesibles su sitio web de conformidad con el Real Decreto 1112\/2018, de 7 de septiembre, sobre accesibilidad de los sitios web y aplicaciones para dispositivos m\u00f3viles del sector p\u00fablico (Consultar norma completa \u2013 Enlace al BOE )<\/p>\n<p>La presente declaraci\u00f3n de accesibilidad se aplica al sitio talleresmelcar.com<\/p>\n<p>Situaci\u00f3n de cumplimiento<\/p>\n<p>Este sitio web resulta parcialmente conforme con el Real Decreto 1112\/2018 debido a las excepciones y a la falta de conformidad de los aspectos que se indican a continuaci\u00f3n.<\/p>\n<p>Contenido no accesible<\/p>\n<p>Contraste de color insuficiente.<br \/>\nLos enlaces deben tener texto inteligible.<br \/>\nTodo el contenido de la p\u00e1gina debe estar incluido en puntos de referencia.<br \/>\nLos botones deben tener texto identificativo.<br \/>\nCarga desproporcionada<\/p>\n<p>No aplica.<\/p>\n<p>Preparaci\u00f3n de la presente declaraci\u00f3n de accesibilidad<\/p>\n<p>Esta declaraci\u00f3n de accesibilidad se prepar\u00f3 el 11 de Junio de 2023.<\/p>\n<p>El m\u00e9todo de evaluaci\u00f3n de la accesibilidad empleado para preparar la declaraci\u00f3n de acuerdo con el art\u00edculo 3 de la Decisi\u00f3n de Ejecuci\u00f3n (UE) 2018\/1523 ha aplicado una evaluaci\u00f3n manual y autom\u00e1tica, llevada a cabo por un tercero cumpliendo la medici\u00f3n de los requisitos expuestos en el art\u00edculo 17.5 del RD 1112\/2018.<\/p>\n<p>Observaciones y datos de contacto<\/p>\n<p>Puede realizar comunicaciones sobre requisitos de accesibilidad (art\u00edculo 10.2.a) del Real Decreto 1112\/2018, de 7 de septiembre) como, por ejemplo:<\/p>\n<p>Informar sobre cualquier posible incumplimiento por parte de este sitio web.<br \/>\nTransmitir otras dificultades de acceso al contenido.<br \/>\nFormular cualquier otra consulta o sugerencia de mejora relativa a la accesibilidad del sitio web.<br \/>\nObservaciones y datos de contacto<\/p>\n<p>Puede realizar comunicaciones y sugerencias sobre requisitos de accesibilidad (art\u00edculo 10.2.a) del Real Decreto 1112\/2018, de 7 de septiembre) como, por ejemplo:<\/p>\n<p>Informar sobre cualquier posible incumplimiento por parte de este sitio web.<br \/>\nTransmitir otras dificultades de acceso al contenido.<br \/>\nFormular cualquier otra consulta o sugerencia de mejora relativa a la accesibilidad del sitio web.<\/p>\n<p>A trav\u00e9s del siguiente formulario de contacto .<\/p>\n<p>La Solicitud de Informaci\u00f3n Accesible se contempla para los siguientes casos:<\/p>\n<p>contenidos que est\u00e1n excluidos del \u00e1mbito de aplicaci\u00f3n del RD 1112\/2018 seg\u00fan lo establecido por el art\u00edculo 3, apartado<br \/>\ncontenidos que est\u00e1n exentos de cumplimiento de los requisitos de accesibilidad por imponer una carga desproporcionada.<br \/>\nEn la solicitud de informaci\u00f3n accesible, se debe concretar, con toda claridad, los hechos, razones y petici\u00f3n que permitan constatar que se trata de una solicitud razonable y leg\u00edtima.<\/p>\n<p>Las comunicaciones, quejas y solicitudes de informaci\u00f3n accesible ser\u00e1n recibidas por talleresmelcar.com<\/p>\n","protected":false},"excerpt":{"rendered":"<p>Declaraci\u00f3n de accesibilidad talleresmelcar.com a hacer accesibles su sitio web de conformidad con el Real Decreto 1112\/2018, de 7 de septiembre, sobre accesibilidad de los sitios web y aplicaciones para dispositivos m\u00f3viles del sector p\u00fablico (Consultar norma completa \u2013 Enlace al BOE ) La presente declaraci\u00f3n de accesibilidad se aplica al sitio talleresmelcar.com Situaci\u00f3n de &hellip; <\/p>\n<p class=\"link-more\"><a href=\"https:\/\/talleresmelcar.com\/index.php\/accesibilidad-2\/\" class=\"more-link\">Continuar leyendo<span class=\"screen-reader-text\"> \u00abAccesibilidad\u00bb<\/span><\/a><\/p>\n","protected":false},"author":1,"featured_media":0,"parent":0,"menu_order":0,"comment_status":"closed","ping_status":"closed","template":"","meta":{"footnotes":""},"class_list":["post-97","page","type-page","status-publish","hentry"],"yoast_head":"<!-- This site is optimized with the Yoast SEO plugin v24.2 - https:\/\/yoast.com\/wordpress\/plugins\/seo\/ -->\n<title>Accesibilidad - Talleres Melcar<\/title>\n<meta name=\"robots\" content=\"index, follow, max-snippet:-1, max-image-preview:large, max-video-preview:-1\" \/>\n<link rel=\"canonical\" href=\"https:\/\/talleresmelcar.com\/index.php\/accesibilidad-2\/\" \/>\n<meta property=\"og:locale\" content=\"es_ES\" \/>\n<meta property=\"og:type\" content=\"article\" \/>\n<meta property=\"og:title\" content=\"Accesibilidad - Talleres Melcar\" \/>\n<meta property=\"og:description\" content=\"Declaraci\u00f3n de accesibilidad talleresmelcar.com a hacer accesibles su sitio web de conformidad con el Real Decreto 1112\/2018, de 7 de septiembre, sobre accesibilidad de los sitios web y aplicaciones para dispositivos m\u00f3viles del sector p\u00fablico (Consultar norma completa \u2013 Enlace al BOE ) La presente declaraci\u00f3n de accesibilidad se aplica al sitio talleresmelcar.com Situaci\u00f3n de &hellip; Continuar leyendo &quot;Accesibilidad&quot;\" \/>\n<meta property=\"og:url\" content=\"https:\/\/talleresmelcar.com\/index.php\/accesibilidad-2\/\" \/>\n<meta property=\"og:site_name\" content=\"Talleres Melcar\" \/>\n<meta property=\"article:modified_time\" content=\"2023-11-17T10:32:50+00:00\" \/>\n<meta name=\"twitter:card\" content=\"summary_large_image\" \/>\n<meta name=\"twitter:label1\" content=\"Tiempo de lectura\" \/>\n\t<meta name=\"twitter:data1\" content=\"2 minutos\" \/>\n<script type=\"application\/ld+json\" class=\"yoast-schema-graph\">{\"@context\":\"https:\/\/schema.org\",\"@graph\":[{\"@type\":\"WebPage\",\"@id\":\"https:\/\/talleresmelcar.com\/index.php\/accesibilidad-2\/\",\"url\":\"https:\/\/talleresmelcar.com\/index.php\/accesibilidad-2\/\",\"name\":\"Accesibilidad - Talleres Melcar\",\"isPartOf\":{\"@id\":\"https:\/\/talleresmelcar.com\/#website\"},\"datePublished\":\"2023-09-06T11:10:18+00:00\",\"dateModified\":\"2023-11-17T10:32:50+00:00\",\"breadcrumb\":{\"@id\":\"https:\/\/talleresmelcar.com\/index.php\/accesibilidad-2\/#breadcrumb\"},\"inLanguage\":\"es\",\"potentialAction\":[{\"@type\":\"ReadAction\",\"target\":[\"https:\/\/talleresmelcar.com\/index.php\/accesibilidad-2\/\"]}]},{\"@type\":\"BreadcrumbList\",\"@id\":\"https:\/\/talleresmelcar.com\/index.php\/accesibilidad-2\/#breadcrumb\",\"itemListElement\":[{\"@type\":\"ListItem\",\"position\":1,\"name\":\"Portada\",\"item\":\"https:\/\/talleresmelcar.com\/\"},{\"@type\":\"ListItem\",\"position\":2,\"name\":\"Accesibilidad\"}]},{\"@type\":\"WebSite\",\"@id\":\"https:\/\/talleresmelcar.com\/#website\",\"url\":\"https:\/\/talleresmelcar.com\/\",\"name\":\"Talleres Melcar\",\"description\":\"\",\"publisher\":{\"@id\":\"https:\/\/talleresmelcar.com\/#organization\"},\"potentialAction\":[{\"@type\":\"SearchAction\",\"target\":{\"@type\":\"EntryPoint\",\"urlTemplate\":\"https:\/\/talleresmelcar.com\/?s={search_term_string}\"},\"query-input\":{\"@type\":\"PropertyValueSpecification\",\"valueRequired\":true,\"valueName\":\"search_term_string\"}}],\"inLanguage\":\"es\"},{\"@type\":\"Organization\",\"@id\":\"https:\/\/talleresmelcar.com\/#organization\",\"name\":\"Talleres Melcar\",\"url\":\"https:\/\/talleresmelcar.com\/\",\"logo\":{\"@type\":\"ImageObject\",\"inLanguage\":\"es\",\"@id\":\"https:\/\/talleresmelcar.com\/#\/schema\/logo\/image\/\",\"url\":\"https:\/\/talleresmelcar.com\/wp-content\/uploads\/2023\/09\/cropped-logo.png\",\"contentUrl\":\"https:\/\/talleresmelcar.com\/wp-content\/uploads\/2023\/09\/cropped-logo.png\",\"width\":618,\"height\":250,\"caption\":\"Talleres Melcar\"},\"image\":{\"@id\":\"https:\/\/talleresmelcar.com\/#\/schema\/logo\/image\/\"}}]}<\/script>\n<!-- \/ Yoast SEO plugin. -->","yoast_head_json":{"title":"Accesibilidad - Talleres Melcar","robots":{"index":"index","follow":"follow","max-snippet":"max-snippet:-1","max-image-preview":"max-image-preview:large","max-video-preview":"max-video-preview:-1"},"canonical":"https:\/\/talleresmelcar.com\/index.php\/accesibilidad-2\/","og_locale":"es_ES","og_type":"article","og_title":"Accesibilidad - Talleres Melcar","og_description":"Declaraci\u00f3n de accesibilidad talleresmelcar.com a hacer accesibles su sitio web de conformidad con el Real Decreto 1112\/2018, de 7 de septiembre, sobre accesibilidad de los sitios web y aplicaciones para dispositivos m\u00f3viles del sector p\u00fablico (Consultar norma completa \u2013 Enlace al BOE ) La presente declaraci\u00f3n de accesibilidad se aplica al sitio talleresmelcar.com Situaci\u00f3n de &hellip; Continuar leyendo \"Accesibilidad\"","og_url":"https:\/\/talleresmelcar.com\/index.php\/accesibilidad-2\/","og_site_name":"Talleres Melcar","article_modified_time":"2023-11-17T10:32:50+00:00","twitter_card":"summary_large_image","twitter_misc":{"Tiempo de lectura":"2 minutos"},"schema":{"@context":"https:\/\/schema.org","@graph":[{"@type":"WebPage","@id":"https:\/\/talleresmelcar.com\/index.php\/accesibilidad-2\/","url":"https:\/\/talleresmelcar.com\/index.php\/accesibilidad-2\/","name":"Accesibilidad - Talleres Melcar","isPartOf":{"@id":"https:\/\/talleresmelcar.com\/#website"},"datePublished":"2023-09-06T11:10:18+00:00","dateModified":"2023-11-17T10:32:50+00:00","breadcrumb":{"@id":"https:\/\/talleresmelcar.com\/index.php\/accesibilidad-2\/#breadcrumb"},"inLanguage":"es","potentialAction":[{"@type":"ReadAction","target":["https:\/\/talleresmelcar.com\/index.php\/accesibilidad-2\/"]}]},{"@type":"BreadcrumbList","@id":"https:\/\/talleresmelcar.com\/index.php\/accesibilidad-2\/#breadcrumb","itemListElement":[{"@type":"ListItem","position":1,"name":"Portada","item":"https:\/\/talleresmelcar.com\/"},{"@type":"ListItem","position":2,"name":"Accesibilidad"}]},{"@type":"WebSite","@id":"https:\/\/talleresmelcar.com\/#website","url":"https:\/\/talleresmelcar.com\/","name":"Talleres Melcar","description":"","publisher":{"@id":"https:\/\/talleresmelcar.com\/#organization"},"potentialAction":[{"@type":"SearchAction","target":{"@type":"EntryPoint","urlTemplate":"https:\/\/talleresmelcar.com\/?s={search_term_string}"},"query-input":{"@type":"PropertyValueSpecification","valueRequired":true,"valueName":"search_term_string"}}],"inLanguage":"es"},{"@type":"Organization","@id":"https:\/\/talleresmelcar.com\/#organization","name":"Talleres Melcar","url":"https:\/\/talleresmelcar.com\/","logo":{"@type":"ImageObject","inLanguage":"es","@id":"https:\/\/talleresmelcar.com\/#\/schema\/logo\/image\/","url":"https:\/\/talleresmelcar.com\/wp-content\/uploads\/2023\/09\/cropped-logo.png","contentUrl":"https:\/\/talleresmelcar.com\/wp-content\/uploads\/2023\/09\/cropped-logo.png","width":618,"height":250,"caption":"Talleres Melcar"},"image":{"@id":"https:\/\/talleresmelcar.com\/#\/schema\/logo\/image\/"}}]}},"_links":{"self":[{"href":"https:\/\/talleresmelcar.com\/index.php\/wp-json\/wp\/v2\/pages\/97","targetHints":{"allow":["GET"]}}],"collection":[{"href":"https:\/\/talleresmelcar.com\/index.php\/wp-json\/wp\/v2\/pages"}],"about":[{"href":"https:\/\/talleresmelcar.com\/index.php\/wp-json\/wp\/v2\/types\/page"}],"author":[{"embeddable":true,"href":"https:\/\/talleresmelcar.com\/index.php\/wp-json\/wp\/v2\/users\/1"}],"replies":[{"embeddable":true,"href":"https:\/\/talleresmelcar.com\/index.php\/wp-json\/wp\/v2\/comments?post=97"}],"version-history":[{"count":8,"href":"https:\/\/talleresmelcar.com\/index.php\/wp-json\/wp\/v2\/pages\/97\/revisions"}],"predecessor-version":[{"id":284,"href":"https:\/\/talleresmelcar.com\/index.php\/wp-json\/wp\/v2\/pages\/97\/revisions\/284"}],"wp:attachment":[{"href":"https:\/\/talleresmelcar.com\/index.php\/wp-json\/wp\/v2\/media?parent=97"}],"curies":[{"name":"wp","href":"https:\/\/api.w.org\/{rel}","templated":true}]}}